{"id":2208,"date":"2023-03-12T10:50:40","date_gmt":"2023-03-12T10:50:40","guid":{"rendered":"https:\/\/gruene-dieburg.de\/web\/?page_id=2208"},"modified":"2026-02-03T12:38:03","modified_gmt":"2026-02-03T12:38:03","slug":"wahlen","status":"publish","type":"page","link":"https:\/\/gruene-dieburg.de\/web\/?page_id=2208","title":{"rendered":"Wahlen"},"content":{"rendered":"<h2>Kommunalwahlen<\/h2>\n<p><!-- <a class=\"fancybox\" rel=\"gallery2208\" href=\"?page_id=706\"><img src=\"http:\/\/gruene-dieburg.de\/images\/kw2016-alle.jpg\"><\/a> --><br \/>\n<!-- <a class=\"fancybox\" rel=\"gallery2208\" href=\"?page_id=706\"><img src=\"http:\/\/gruene-dieburg.de\/kw2021\/bilder\/kw2021-gruppenbild.jpg\"><\/a> --><br \/>\n<!-- \n\n<div id=\"kw2026\"><a class=\"fancybox\" rel=\"gallery2208\" href=\"http:\/\/gruene-dieburg.de\/kw2016\/WahlprogrammDieburg2016.pdf\"><img src=\"http:\/\/gruene-dieburg.de\/kw2026\/bilder\/kw2026-gruppenbild.jpg\"><\/a><\/div>\n\n --><\/p>\n<p>Wahlprogramm 2026<\/p>\n<p><a class=\"fancybox\" rel=\"gallery2208\" href=\"http:\/\/gruene-dieburg.de\/kw2026\/bilder\/wahlprogramm+kandis.jpg\"><img src=\"http:\/\/gruene-dieburg.de\/kw2026\/bilder\/wahlprogramm+kandis.jpg\" alt=\"pgm 2026\" width=\"600\" \/><\/a><br \/>\n<a href=\"http:\/\/gruene-dieburg.de\/kw2026\/pgm-kurz.pdf\">Flyer<\/a> &#8211; <a href=\"http:\/\/gruene-dieburg.de\/kw2026\/pgm-lang.pdf\">Langfassung<\/a> &#8211; <a href=\"http:\/\/gruene-dieburg.de\/kw2026\/Nachgefragt_Listenplatz_01_10.pdf\">F\u00fcnf Fragen an Listenpl\u00e4tze 1-10<\/a> &#8211;  <a href=\"http:\/\/gruene-dieburg.de\/kw2026\/Nachgefragt_Listenplatz_11_20.pdf\">F\u00fcnf Fragen an Listenpl\u00e4tze 11-20<\/a><\/p>\n<p><!-- \n\n\n<ul>\n\n\n<li><a href=\"http:\/\/gruene-dieburg.de\/kw2026\/pgm-kurz.pdf\">Flieger<\/a><\/li>\n\n\n\n\n<li><a href=\"http:\/\/gruene-dieburg.de\/kw2026\/pgm-lang.pdf\">Langfassung<\/a><\/li>\n\n\n<\/ul>\n\n\n--><\/p>\n<p>Fr\u00fchere Wahlprogramme<\/p>\n<ul>\n<li>2021 <a href=\"http:\/\/gruene-dieburg.de\/kw2021\/20201211-flieger-2021.pdf\">Flieger<\/a> und <a href=\"http:\/\/gruene-dieburg.de\/kw2021\/20210126-Wahlprogramm_%20Lang.pdf\">Langfassung<\/a><\/li>\n<li>2016 <a href=\"http:\/\/gruene-dieburg.de\/kw2016\/Flyer-KW2016.pdf\">Flieger<\/a> und <a href=\"http:\/\/gruene-dieburg.de\/kw2016\/WahlprogrammDieburg2016.pdf\">Langfassung<\/a><\/li>\n<li><a href=\"http:\/\/gruene-dieburg.de\/kw2011\/\">2011<\/a><\/li>\n<li><a href=\"http:\/\/gruene-dieburg.de\/kw2006\/kwpgm06.htm\">2006<\/a><\/li>\n<li><a href=\"http:\/\/gruene-dieburg.de\/kw2001\/kwpgm-2001.pdf\">2001 (pdf)<\/a><\/li>\n<li><a href=\"http:\/\/gruene-dieburg.de\/kw2001\/kwpgm-1997.pdf\">1997 (pdf)<\/a><\/li>\n<\/ul>\n<h2>Sonstige Wahlen<\/h2>\n<p><a href=\"https:\/\/gruene-dieburg.de\/download\/diebwahl.htm\">Dieburger Wahlergebnisse<\/a><\/p>\n","protected":false},"excerpt":{"rendered":"<p>Kommunalwahlen Wahlprogramm 2026 Flyer &#8211; Langfassung &#8211; F\u00fcnf Fragen an Listenpl\u00e4tze 1-10 &#8211; F\u00fcnf Fragen an Listenpl\u00e4tze 11-20 Fr\u00fchere Wahlprogramme 2021 Flieger und Langfassung 2016 Flieger und Langfassung 2011 2006&#8230; <\/p>\n","protected":false},"author":1,"featured_media":0,"parent":0,"menu_order":0,"comment_status":"closed","ping_status":"closed","template":"","meta":[],"_links":{"self":[{"href":"https:\/\/gruene-dieburg.de\/web\/index.php?rest_route=\/wp\/v2\/pages\/2208"}],"collection":[{"href":"https:\/\/gruene-dieburg.de\/web\/index.php?rest_route=\/wp\/v2\/pages"}],"about":[{"href":"https:\/\/gruene-dieburg.de\/web\/index.php?rest_route=\/wp\/v2\/types\/page"}],"author":[{"embeddable":true,"href":"https:\/\/gruene-dieburg.de\/web\/index.php?rest_route=\/wp\/v2\/users\/1"}],"replies":[{"embeddable":true,"href":"https:\/\/gruene-dieburg.de\/web\/index.php?rest_route=%2Fwp%2Fv2%2Fcomments&post=2208"}],"version-history":[{"count":11,"href":"https:\/\/gruene-dieburg.de\/web\/index.php?rest_route=\/wp\/v2\/pages\/2208\/revisions"}],"predecessor-version":[{"id":2499,"href":"https:\/\/gruene-dieburg.de\/web\/index.php?rest_route=\/wp\/v2\/pages\/2208\/revisions\/2499"}],"wp:attachment":[{"href":"https:\/\/gruene-dieburg.de\/web\/index.php?rest_route=%2Fwp%2Fv2%2Fmedia&parent=2208"}],"curies":[{"name":"wp","href":"https:\/\/api.w.org\/{rel}","templated":true}]}}